{"id":85241,"date":"2023-06-13T21:08:40","date_gmt":"2023-06-14T01:08:40","guid":{"rendered":"https:\/\/www.cachc.ca\/aga-2023\/"},"modified":"2023-06-13T21:18:41","modified_gmt":"2023-06-14T01:18:41","slug":"aga-2023","status":"publish","type":"page","link":"https:\/\/www.cachc.ca\/fr\/aga-2023\/","title":{"rendered":"AGA 2023"},"content":{"rendered":"<div class=\"wpb-content-wrapper\"><p>[vc_row padding_top=\u00a0\u00bb20&Prime;][vc_column width=\u00a0\u00bb1\/4&Prime;]<ul class=\"fontelo-list colored-icons list-icon-large\" style=\"float:left;\"><\/ul>[\/vc_column][vc_column width=\u00a0\u00bb1\/2&Prime;][vc_column_text]<\/p>\n<h2 style=\"text-align: center;\"><span style=\"color: #000000;\">Assembl\u00e9e g\u00e9n\u00e9rale annuelle 2023<\/span><\/h2>\n<h5 style=\"text-align: center;\"><strong><span style=\"color: #000000;\">27 septembre 2023<br \/>\n<\/span><\/strong>13h00 &#8211; 15h00 heure de l&rsquo;Est<br \/>\n<strong><span style=\"color: #000000;\">AGA virtuel via Zoom<\/span><\/strong><\/h5>\n<p>[\/vc_column_text]<ul class=\"fontelo-list colored-icons list-icon-large\" style=\"float:left;\"><li><i class=\"icon-doc-circled\"><\/i> <a href=\"https:\/\/www.cachc.ca\/wp-content\/uploads\/2023\/06\/CACHC-2023-Call-for-Board-Nominations.doc\" target=\"_blank\" rel=\"noopener\">Appel de candidatures au conseil d&rsquo;administration de l&rsquo;ACCSC<\/a><\/li><li><i class=\"icon-doc-circled\"><\/i> Ordre du jour de l&rsquo;AGA 2023 (\u00e0 venir)<\/li><li><i class=\"icon-doc-circled\"><\/i> Comptes rendus de l`AGA 2022 (\u00e0 venir)<\/li><\/ul>[\/vc_column][vc_column width=\u00a0\u00bb1\/4&Prime;][\/vc_column][\/vc_row][vc_row type=\u00a0\u00bbimage\u00a0\u00bb padding_top=\u00a0\u00bb\u00a0\u00bb padding_bottom=\u00a0\u00bb20&Prime;][vc_column][vc_custom_heading text=\u00a0\u00bbConf\u00e9rences et assembl\u00e9es g\u00e9n\u00e9rales pass\u00e9es\u00a0\u00bb font_container=\u00a0\u00bbtag:h2|text_align:center|color:%23000000&Prime; use_theme_fonts=\u00a0\u00bbyes\u00a0\u00bb][\/vc_column][\/vc_row][vc_row type=\u00a0\u00bbimage\u00a0\u00bb padding_top=\u00a0\u00bb80&Prime; padding_bottom=\u00a0\u00bb80&Prime; bg_image=\u00a0\u00bb78832&Prime;][vc_column width=\u00a0\u00bb1\/4&Prime;][vc_btn title=\u00a0\u00bb2023 &#8211; Virtuel\u00a0\u00bb color=\u00a0\u00bbinverse\u00a0\u00bb size=\u00a0\u00bblg\u00a0\u00bb align=\u00a0\u00bbcenter\u00a0\u00bb button_block=\u00a0\u00bbtrue\u00a0\u00bb link=\u00a0\u00bburl:https%3A%2F%2Fwww.cachc.ca%2F2023agm%2F\u00a0\u00bb]<div  class=\"kleo-gap\" style=\"height:10px;line-height:10px;\"><\/div>[vc_btn title=\u00a0\u00bb2019 &#8211; Ottawa\u00a0\u00bb color=\u00a0\u00bbturquoise\u00a0\u00bb size=\u00a0\u00bblg\u00a0\u00bb align=\u00a0\u00bbcenter\u00a0\u00bb button_block=\u00a0\u00bbtrue\u00a0\u00bb link=\u00a0\u00bburl:https%3A%2F%2Fwww.cachc.ca%2F2019conference%2F|target:_blank\u00a0\u00bb]<div  class=\"kleo-gap\" style=\"height:10px;line-height:10px;\"><\/div>[vc_btn title=\u00a0\u00bb2015 &#8211; Ottawa\u00a0\u00bb color=\u00a0\u00bbturquoise\u00a0\u00bb size=\u00a0\u00bblg\u00a0\u00bb align=\u00a0\u00bbcenter\u00a0\u00bb button_block=\u00a0\u00bbtrue\u00a0\u00bb link=\u00a0\u00bbtarget:_blank\u00a0\u00bb][\/vc_column][vc_column width=\u00a0\u00bb1\/4&Prime;][vc_btn title=\u00a0\u00bb2022 &#8211; Virtuel\u00a0\u00bb color=\u00a0\u00bbturquoise\u00a0\u00bb size=\u00a0\u00bblg\u00a0\u00bb align=\u00a0\u00bbcenter\u00a0\u00bb button_block=\u00a0\u00bbtrue\u00a0\u00bb link=\u00a0\u00bburl:https%3A%2F%2Fwww.cachc.ca%2Ffr%2Faga-2022%2F|target:_blank\u00a0\u00bb]<div  class=\"kleo-gap\" style=\"height:10px;line-height:10px;\"><\/div>[vc_btn title=\u00a0\u00bb2018 &#8211; Victoria\u00a0\u00bb color=\u00a0\u00bbturquoise\u00a0\u00bb size=\u00a0\u00bblg\u00a0\u00bb align=\u00a0\u00bbcenter\u00a0\u00bb button_block=\u00a0\u00bbtrue\u00a0\u00bb link=\u00a0\u00bburl:https%3A%2F%2Fwww.cachc.ca%2F2018agm%2F|target:_blank\u00a0\u00bb]<div  class=\"kleo-gap\" style=\"height:10px;line-height:10px;\"><\/div>[vc_btn title=\u00a0\u00bb2014 &#8211; Virtuel\u00a0\u00bb color=\u00a0\u00bbturquoise\u00a0\u00bb size=\u00a0\u00bblg\u00a0\u00bb align=\u00a0\u00bbcenter\u00a0\u00bb button_block=\u00a0\u00bbtrue\u00a0\u00bb link=\u00a0\u00bbtarget:_blank\u00a0\u00bb][\/vc_column][vc_column width=\u00a0\u00bb1\/4&Prime;][vc_btn title=\u00a0\u00bb2021 &#8211; Virtuel\u00a0\u00bb color=\u00a0\u00bbturquoise\u00a0\u00bb size=\u00a0\u00bblg\u00a0\u00bb align=\u00a0\u00bbcenter\u00a0\u00bb button_block=\u00a0\u00bbtrue\u00a0\u00bb link=\u00a0\u00bburl:https%3A%2F%2Fwww.cachc.ca%2F2021agm%2F|target:_blank\u00a0\u00bb]<div  class=\"kleo-gap\" style=\"height:10px;line-height:10px;\"><\/div>[vc_btn title=\u00a0\u00bb2017 &#8211; Calgary\u00a0\u00bb color=\u00a0\u00bbturquoise\u00a0\u00bb size=\u00a0\u00bblg\u00a0\u00bb align=\u00a0\u00bbcenter\u00a0\u00bb button_block=\u00a0\u00bbtrue\u00a0\u00bb link=\u00a0\u00bburl:https%3A%2F%2Fwww.cachc.ca%2F2017conference%2F|target:_blank\u00a0\u00bb]<div  class=\"kleo-gap\" style=\"height:10px;line-height:10px;\"><\/div>[vc_btn title=\u00a0\u00bb2013 &#8211; Saskatoon\u00a0\u00bb color=\u00a0\u00bbturquoise\u00a0\u00bb size=\u00a0\u00bblg\u00a0\u00bb align=\u00a0\u00bbcenter\u00a0\u00bb button_block=\u00a0\u00bbtrue\u00a0\u00bb link=\u00a0\u00bbtarget:_blank\u00a0\u00bb][\/vc_column][vc_column width=\u00a0\u00bb1\/4&Prime;][vc_btn title=\u00a0\u00bb2020 &#8211; Virtuel\u00a0\u00bb color=\u00a0\u00bbturquoise\u00a0\u00bb size=\u00a0\u00bblg\u00a0\u00bb align=\u00a0\u00bbcenter\u00a0\u00bb button_block=\u00a0\u00bbtrue\u00a0\u00bb link=\u00a0\u00bburl:https%3A%2F%2Fwww.cachc.ca%2F2020-agm%2F|target:_blank\u00a0\u00bb]<div  class=\"kleo-gap\" style=\"height:10px;line-height:10px;\"><\/div>[vc_btn title=\u00a0\u00bb2016 &#8211; Winnipeg\u00a0\u00bb color=\u00a0\u00bbturquoise\u00a0\u00bb size=\u00a0\u00bblg\u00a0\u00bb align=\u00a0\u00bbcenter\u00a0\u00bb button_block=\u00a0\u00bbtrue\u00a0\u00bb link=\u00a0\u00bburl:https%3A%2F%2Fwww.cachc.ca%2F2016agm%2F|target:_blank\u00a0\u00bb]<div  class=\"kleo-gap\" style=\"height:10px;line-height:10px;\"><\/div>[vc_btn title=\u00a0\u00bb2011 &#8211; Toronto\u00a0\u00bb color=\u00a0\u00bbturquoise\u00a0\u00bb size=\u00a0\u00bblg\u00a0\u00bb align=\u00a0\u00bbcenter\u00a0\u00bb button_block=\u00a0\u00bbtrue\u00a0\u00bb link=\u00a0\u00bburl:https%3A%2F%2Fwww.ifchc.org%2F2011conference%2F|target:_blank\u00a0\u00bb][\/vc_column][\/vc_row]<\/p>\n<\/div>","protected":false},"excerpt":{"rendered":"<p>[vc_row padding_top=\u00a0\u00bb20&Prime;][vc_column width=\u00a0\u00bb1\/4&Prime;][\/vc_column][vc_column width=\u00a0\u00bb1\/2&Prime;][vc_column_text] Assembl\u00e9e g\u00e9n\u00e9rale annuelle 2023 27 septembre 2023 13h00 &#8211; 15h00 heure de l&rsquo;Est AGA virtuel via Zoom [\/vc_column_text][\/vc_column][vc_column width=\u00a0\u00bb1\/4&Prime;][\/vc_column][\/vc_row][vc_row type=\u00a0\u00bbimage\u00a0\u00bb padding_top=\u00a0\u00bb\u00a0\u00bb padding_bottom=\u00a0\u00bb20&Prime;][vc_column][vc_custom_heading text=\u00a0\u00bbConf\u00e9rences et assembl\u00e9es g\u00e9n\u00e9rales pass\u00e9es\u00a0\u00bb font_container=\u00a0\u00bbtag:h2|text_align:center|color:%23000000&Prime; use_theme_fonts=\u00a0\u00bbyes\u00a0\u00bb][\/vc_column][\/vc_row][vc_row type=\u00a0\u00bbimage\u00a0\u00bb padding_top=\u00a0\u00bb80&Prime; padding_bottom=\u00a0\u00bb80&Prime; bg_image=\u00a0\u00bb78832&Prime;][vc_column width=\u00a0\u00bb1\/4&Prime;][vc_btn title=\u00a0\u00bb2023 &#8211; Virtuel\u00a0\u00bb color=\u00a0\u00bbinverse\u00a0\u00bb size=\u00a0\u00bblg\u00a0\u00bb align=\u00a0\u00bbcenter\u00a0\u00bb button_block=\u00a0\u00bbtrue\u00a0\u00bb link=\u00a0\u00bburl:https%3A%2F%2Fwww.cachc.ca%2F2023agm%2F\u00a0\u00bb][vc_btn title=\u00a0\u00bb2019 &#8211; Ottawa\u00a0\u00bb color=\u00a0\u00bbturquoise\u00a0\u00bb size=\u00a0\u00bblg\u00a0\u00bb align=\u00a0\u00bbcenter\u00a0\u00bb button_block=\u00a0\u00bbtrue\u00a0\u00bb link=\u00a0\u00bburl:https%3A%2F%2Fwww.cachc.ca%2F2019conference%2F|target:_blank\u00a0\u00bb][vc_btn title=\u00a0\u00bb2015 &#8211; Ottawa\u00a0\u00bb color=\u00a0\u00bbturquoise\u00a0\u00bb size=\u00a0\u00bblg\u00a0\u00bb align=\u00a0\u00bbcenter\u00a0\u00bb [&hellip;]<\/p>\n","protected":false},"author":1,"featured_media":0,"parent":0,"menu_order":0,"comment_status":"closed","ping_status":"closed","template":"","meta":{"_bbp_topic_count":0,"_bbp_reply_count":0,"_bbp_total_topic_count":0,"_bbp_total_reply_count":0,"_bbp_voice_count":0,"_bbp_anonymous_reply_count":0,"_bbp_topic_count_hidden":0,"_bbp_reply_count_hidden":0,"_bbp_forum_subforum_count":0,"footnotes":""},"class_list":["post-85241","page","type-page","status-publish","hentry"],"yoast_head":"<!-- This site is optimized with the Yoast SEO plugin v27.2 - https:\/\/yoast.com\/product\/yoast-seo-wordpress\/ -->\n<title>AGA 2023 - ACCSC<\/title>\n<meta name=\"robots\" content=\"index, follow, max-snippet:-1, max-image-preview:large, max-video-preview:-1\" \/>\n<link rel=\"canonical\" href=\"https:\/\/www.cachc.ca\/2023agm\/\" \/>\n<meta property=\"og:locale\" content=\"fr_FR\" \/>\n<meta property=\"og:type\" content=\"article\" \/>\n<meta property=\"og:title\" content=\"AGA 2023 - ACCSC\" \/>\n<meta property=\"og:description\" content=\"[vc_row padding_top=\u00a0\u00bb20&Prime;][vc_column width=\u00a0\u00bb1\/4&Prime;][\/vc_column][vc_column width=\u00a0\u00bb1\/2&Prime;][vc_column_text] Assembl\u00e9e g\u00e9n\u00e9rale annuelle 2023 27 septembre 2023 13h00 &#8211; 15h00 heure de l&rsquo;Est AGA virtuel via Zoom [\/vc_column_text][\/vc_column][vc_column width=\u00a0\u00bb1\/4&Prime;][\/vc_column][\/vc_row][vc_row type=\u00a0\u00bbimage\u00a0\u00bb padding_top=\u00a0\u00bb\u00a0\u00bb padding_bottom=\u00a0\u00bb20&Prime;][vc_column][vc_custom_heading text=\u00a0\u00bbConf\u00e9rences et assembl\u00e9es g\u00e9n\u00e9rales pass\u00e9es\u00a0\u00bb font_container=\u00a0\u00bbtag:h2|text_align:center|color:%23000000&Prime; use_theme_fonts=\u00a0\u00bbyes\u00a0\u00bb][\/vc_column][\/vc_row][vc_row type=\u00a0\u00bbimage\u00a0\u00bb padding_top=\u00a0\u00bb80&Prime; padding_bottom=\u00a0\u00bb80&Prime; bg_image=\u00a0\u00bb78832&Prime;][vc_column width=\u00a0\u00bb1\/4&Prime;][vc_btn title=\u00a0\u00bb2023 &#8211; Virtuel\u00a0\u00bb color=\u00a0\u00bbinverse\u00a0\u00bb size=\u00a0\u00bblg\u00a0\u00bb align=\u00a0\u00bbcenter\u00a0\u00bb button_block=\u00a0\u00bbtrue\u00a0\u00bb link=\u00a0\u00bburl:https%3A%2F%2Fwww.cachc.ca%2F2023agm%2F\u00a0\u00bb][vc_btn title=\u00a0\u00bb2019 &#8211; Ottawa\u00a0\u00bb color=\u00a0\u00bbturquoise\u00a0\u00bb size=\u00a0\u00bblg\u00a0\u00bb align=\u00a0\u00bbcenter\u00a0\u00bb button_block=\u00a0\u00bbtrue\u00a0\u00bb link=\u00a0\u00bburl:https%3A%2F%2Fwww.cachc.ca%2F2019conference%2F|target:_blank\u00a0\u00bb][vc_btn title=\u00a0\u00bb2015 &#8211; Ottawa\u00a0\u00bb color=\u00a0\u00bbturquoise\u00a0\u00bb size=\u00a0\u00bblg\u00a0\u00bb align=\u00a0\u00bbcenter\u00a0\u00bb [&hellip;]\" \/>\n<meta property=\"og:url\" content=\"https:\/\/www.cachc.ca\/2023agm\/\" \/>\n<meta property=\"og:site_name\" content=\"ACCSC\" \/>\n<meta property=\"article:modified_time\" content=\"2023-06-14T01:18:41+00:00\" \/>\n<meta name=\"twitter:card\" content=\"summary_large_image\" \/>\n<meta name=\"twitter:label1\" content=\"Dur\u00e9e de lecture estim\u00e9e\" \/>\n\t<meta name=\"twitter:data1\" content=\"2 minutes\" \/>\n<script type=\"application\/ld+json\" class=\"yoast-schema-graph\">{\"@context\":\"https:\/\/schema.org\",\"@graph\":[{\"@type\":\"WebPage\",\"@id\":\"https:\/\/www.cachc.ca\/2023agm\/\",\"url\":\"https:\/\/www.cachc.ca\/2023agm\/\",\"name\":\"AGA 2023 - ACCSC\",\"isPartOf\":{\"@id\":\"https:\/\/www.cachc.ca\/#website\"},\"datePublished\":\"2023-06-14T01:08:40+00:00\",\"dateModified\":\"2023-06-14T01:18:41+00:00\",\"inLanguage\":\"fr-FR\",\"potentialAction\":[{\"@type\":\"ReadAction\",\"target\":[\"https:\/\/www.cachc.ca\/2023agm\/\"]}]},{\"@type\":\"WebSite\",\"@id\":\"https:\/\/www.cachc.ca\/#website\",\"url\":\"https:\/\/www.cachc.ca\/\",\"name\":\"ACCSC\",\"description\":\"Les centres de sant\u00e9 communautaire au Canada\",\"potentialAction\":[{\"@type\":\"SearchAction\",\"target\":{\"@type\":\"EntryPoint\",\"urlTemplate\":\"https:\/\/www.cachc.ca\/?s={search_term_string}\"},\"query-input\":{\"@type\":\"PropertyValueSpecification\",\"valueRequired\":true,\"valueName\":\"search_term_string\"}}],\"inLanguage\":\"fr-FR\"}]}<\/script>\n<!-- \/ Yoast SEO plugin. -->","yoast_head_json":{"title":"AGA 2023 - ACCSC","robots":{"index":"index","follow":"follow","max-snippet":"max-snippet:-1","max-image-preview":"max-image-preview:large","max-video-preview":"max-video-preview:-1"},"canonical":"https:\/\/www.cachc.ca\/2023agm\/","og_locale":"fr_FR","og_type":"article","og_title":"AGA 2023 - ACCSC","og_description":"[vc_row padding_top=\u00a0\u00bb20&Prime;][vc_column width=\u00a0\u00bb1\/4&Prime;][\/vc_column][vc_column width=\u00a0\u00bb1\/2&Prime;][vc_column_text] Assembl\u00e9e g\u00e9n\u00e9rale annuelle 2023 27 septembre 2023 13h00 &#8211; 15h00 heure de l&rsquo;Est AGA virtuel via Zoom [\/vc_column_text][\/vc_column][vc_column width=\u00a0\u00bb1\/4&Prime;][\/vc_column][\/vc_row][vc_row type=\u00a0\u00bbimage\u00a0\u00bb padding_top=\u00a0\u00bb\u00a0\u00bb padding_bottom=\u00a0\u00bb20&Prime;][vc_column][vc_custom_heading text=\u00a0\u00bbConf\u00e9rences et assembl\u00e9es g\u00e9n\u00e9rales pass\u00e9es\u00a0\u00bb font_container=\u00a0\u00bbtag:h2|text_align:center|color:%23000000&Prime; use_theme_fonts=\u00a0\u00bbyes\u00a0\u00bb][\/vc_column][\/vc_row][vc_row type=\u00a0\u00bbimage\u00a0\u00bb padding_top=\u00a0\u00bb80&Prime; padding_bottom=\u00a0\u00bb80&Prime; bg_image=\u00a0\u00bb78832&Prime;][vc_column width=\u00a0\u00bb1\/4&Prime;][vc_btn title=\u00a0\u00bb2023 &#8211; Virtuel\u00a0\u00bb color=\u00a0\u00bbinverse\u00a0\u00bb size=\u00a0\u00bblg\u00a0\u00bb align=\u00a0\u00bbcenter\u00a0\u00bb button_block=\u00a0\u00bbtrue\u00a0\u00bb link=\u00a0\u00bburl:https%3A%2F%2Fwww.cachc.ca%2F2023agm%2F\u00a0\u00bb][vc_btn title=\u00a0\u00bb2019 &#8211; Ottawa\u00a0\u00bb color=\u00a0\u00bbturquoise\u00a0\u00bb size=\u00a0\u00bblg\u00a0\u00bb align=\u00a0\u00bbcenter\u00a0\u00bb button_block=\u00a0\u00bbtrue\u00a0\u00bb link=\u00a0\u00bburl:https%3A%2F%2Fwww.cachc.ca%2F2019conference%2F|target:_blank\u00a0\u00bb][vc_btn title=\u00a0\u00bb2015 &#8211; Ottawa\u00a0\u00bb color=\u00a0\u00bbturquoise\u00a0\u00bb size=\u00a0\u00bblg\u00a0\u00bb align=\u00a0\u00bbcenter\u00a0\u00bb [&hellip;]","og_url":"https:\/\/www.cachc.ca\/2023agm\/","og_site_name":"ACCSC","article_modified_time":"2023-06-14T01:18:41+00:00","twitter_card":"summary_large_image","twitter_misc":{"Dur\u00e9e de lecture estim\u00e9e":"2 minutes"},"schema":{"@context":"https:\/\/schema.org","@graph":[{"@type":"WebPage","@id":"https:\/\/www.cachc.ca\/2023agm\/","url":"https:\/\/www.cachc.ca\/2023agm\/","name":"AGA 2023 - ACCSC","isPartOf":{"@id":"https:\/\/www.cachc.ca\/#website"},"datePublished":"2023-06-14T01:08:40+00:00","dateModified":"2023-06-14T01:18:41+00:00","inLanguage":"fr-FR","potentialAction":[{"@type":"ReadAction","target":["https:\/\/www.cachc.ca\/2023agm\/"]}]},{"@type":"WebSite","@id":"https:\/\/www.cachc.ca\/#website","url":"https:\/\/www.cachc.ca\/","name":"ACCSC","description":"Les centres de sant\u00e9 communautaire au Canada","potentialAction":[{"@type":"SearchAction","target":{"@type":"EntryPoint","urlTemplate":"https:\/\/www.cachc.ca\/?s={search_term_string}"},"query-input":{"@type":"PropertyValueSpecification","valueRequired":true,"valueName":"search_term_string"}}],"inLanguage":"fr-FR"}]}},"_links":{"self":[{"href":"https:\/\/www.cachc.ca\/fr\/wp-json\/wp\/v2\/pages\/85241","targetHints":{"allow":["GET"]}}],"collection":[{"href":"https:\/\/www.cachc.ca\/fr\/wp-json\/wp\/v2\/pages"}],"about":[{"href":"https:\/\/www.cachc.ca\/fr\/wp-json\/wp\/v2\/types\/page"}],"author":[{"embeddable":true,"href":"https:\/\/www.cachc.ca\/fr\/wp-json\/wp\/v2\/users\/1"}],"replies":[{"embeddable":true,"href":"https:\/\/www.cachc.ca\/fr\/wp-json\/wp\/v2\/comments?post=85241"}],"version-history":[{"count":4,"href":"https:\/\/www.cachc.ca\/fr\/wp-json\/wp\/v2\/pages\/85241\/revisions"}],"predecessor-version":[{"id":85249,"href":"https:\/\/www.cachc.ca\/fr\/wp-json\/wp\/v2\/pages\/85241\/revisions\/85249"}],"wp:attachment":[{"href":"https:\/\/www.cachc.ca\/fr\/wp-json\/wp\/v2\/media?parent=85241"}],"curies":[{"name":"wp","href":"https:\/\/api.w.org\/{rel}","templated":true}]}}