{"id":419,"date":"2012-02-18T20:20:46","date_gmt":"2012-02-19T01:20:46","guid":{"rendered":"http:\/\/www.cachc.ca\/?page_id=419"},"modified":"2024-09-30T15:06:26","modified_gmt":"2024-09-30T19:06:26","slug":"a-propos-2","status":"publish","type":"page","link":"https:\/\/www.cachc.ca\/fr\/a-propos-2\/","title":{"rendered":"\u00c0 propos de nous"},"content":{"rendered":"<div class=\"wpb-content-wrapper\"><p>[vc_row text_color=\u00a0\u00bb#000000&Prime; padding_top=\u00a0\u00bb20px\u00a0\u00bb padding_bottom=\u00a0\u00bb\u00a0\u00bb][vc_column width=\u00a0\u00bb1\/6&Prime;][\/vc_column][vc_column width=\u00a0\u00bb2\/3&Prime;][vc_column_text]<\/p>\n<h5 style=\"text-align: center;\"><span style=\"color: #000000;\"><strong>L\u2019Association canadienne des centres de sant\u00e9 communautaire (ACCSC) est la voix pancanadienne pour les centres de sant\u00e9 communautaire (CSC) et les soins de sant\u00e9 primaire ax\u00e9s sur la collectivit\u00e9 et centr\u00e9s sur les personnes.<\/strong><\/span><\/h5>\n<p>[\/vc_column_text][\/vc_column][vc_column width=\u00a0\u00bb1\/6&Prime;][\/vc_column][\/vc_row][vc_row text_color=\u00a0\u00bb#000000&Prime; padding_top=\u00a0\u00bb20px\u00a0\u00bb padding_bottom=\u00a0\u00bb\u00a0\u00bb][vc_column width=\u00a0\u00bb1\/4&Prime;][\/vc_column][vc_column width=\u00a0\u00bb1\/2&Prime;][vc_column_text]<\/p>\n<p style=\"text-align: center;\"><span style=\"color: #000000;\"><strong>VISION<br \/>\n<\/strong> Les personnes et les communaut\u00e9s en sant\u00e9<\/span><br \/>\n<span style=\"color: #000000;\"><strong><br \/>\nMISSION<br \/>\n<\/strong>Soutenir les centres de sant\u00e9 communautaire et travailler en collaboration pour faire avancer l\u2019\u00e9quit\u00e9 en mati\u00e8re de sant\u00e9 et le bien-\u00eatre de toutes les communaut\u00e9s.<\/span><\/p>\n<p style=\"text-align: center;\"><strong><a href=\"https:\/\/www.cachc.ca\/wp-content\/uploads\/2021\/07\/ACCSC-Plan-strategique-2020-2025.pdf\" target=\"_blank\" rel=\"noopener\">PLAN STRAT\u00c9GIQUE 2020 &#8211; 2025<\/a><\/strong><\/p>\n<p>[\/vc_column_text][vc_custom_heading text=\u00a0\u00bbConseil d&rsquo;administration\u00a0\u00bb font_container=\u00a0\u00bbtag:h2|text_align:center|color:%231db89b\u00a0\u00bb use_theme_fonts=\u00a0\u00bbyes\u00a0\u00bb][\/vc_column][vc_column width=\u00a0\u00bb1\/4&Prime;][\/vc_column][\/vc_row][vc_row][vc_column width=\u00a0\u00bb1\/2&Prime;][vc_column_text]<span style=\"color: #000000;\"><strong>Michele Bellows (Pr\u00e9sidente)<\/strong><\/span><br \/>\n<span style=\"color: #000000;\"><em>Repr\u00e9sentante de l&rsquo;Ontario<\/em><\/span><br \/>\n<span style=\"color: #000000;\">Directrice g\u00e9n\u00e9rale &#8211; Rideau Community Health Services (Merrickville, Ontario)<\/span><\/p>\n<p><span style=\"color: #000000;\"><b>Joy Bowen-Eyre (Vice-pr\u00e9sidente)<\/b><\/span><br \/>\n<span style=\"color: #000000;\"><em>Repr\u00e9sentante de l&rsquo;Alberta<\/em><\/span><br \/>\n<span style=\"color: #000000;\">Directrice g\u00e9n\u00e9rale &#8211; The Alex Community Health Centre (Calgary, Alberta)<\/span><\/p>\n<p><span style=\"color: #000000;\"><strong>Lisa Clatney<\/strong><\/span><br \/>\n<span style=\"color: #000000;\"><em>Repr\u00e9sentante de la Saskatchewan<\/em><\/span><br \/>\n<span style=\"color: #000000;\">Directrice g\u00e9n\u00e9rale &#8211; Saskatoon Community Clinic (Saskatoon, Saskatchewan)<\/span><\/p>\n<p><span style=\"color: #000000;\"><strong>Estelle Duchon<\/strong><\/span><br \/>\n<em>Repr\u00e9sentant des services en langue fran\u00e7aise<\/em><br \/>\nVice-pr\u00e9sidente, Services de sant\u00e9, am\u00e9lioration de la qualit\u00e9, et d`op\u00e9rations &#8211; Centre Francophone du Grand Toronto (Toronto, Ontario)<\/p>\n<p><span style=\"color: #000000;\"><strong>Kim Grant<br \/>\n<\/strong><em>Repr\u00e9sentante de Terre-Neuve et du Labrador<\/em><\/span><br \/>\n<span style=\"color: #000000;\">Directrice g\u00e9n\u00e9rale associ\u00e9e &#8211; The Gathering Place (St. John&rsquo;s, Terre-Neuve et Labrador)<\/span>[\/vc_column_text][\/vc_column][vc_column width=\u00a0\u00bb1\/2&Prime;][vc_column_text]<span style=\"color: #000000;\"><strong>Marie-France LeBlanc<\/strong><\/span><br \/>\n<span style=\"color: #000000;\"><em>Repr\u00e9sentante de la Nouvelle-\u00c9cosse<\/em><\/span><br \/>\n<span style=\"color: #000000;\">Directrice g\u00e9n\u00e9rale &#8211; North End Community Health Centre (Halifax, Nouvelle-\u00c8cosse)<\/span><\/p>\n<p><span style=\"color: #000000;\"><strong>Jan Martin (Tr\u00e9soriere)<br \/>\n<\/strong><em>I<\/em><em>Repr\u00e9sentante des services indig\u00e8nes<\/em><\/span><br \/>\n<span style=\"color: #000000;\">Directrice des relations autochtones &#8211; Southwest Ontario Aboriginal Health Access Centre (Muncey, Ontario)<\/span><\/p>\n<p><strong>Christine Matuschewski<\/strong><br \/>\n<em>Repr\u00e9sentante de la Colombie-Britannique<\/em><br \/>\nDirectrice g\u00e9n\u00e9rale &#8211; STEPS Community Health Centre (Kamloops, Colombie-Britannique)<\/p>\n<p><span style=\"color: #000000;\"><strong>Carly Nicholson<\/strong><\/span><br \/>\n<span style=\"color: #000000;\"><em>Repr\u00e9sentante du Manitoba<\/em><\/span><br \/>\n<span style=\"color: #000000;\">Directrice g\u00e9n\u00e9rale &#8211; MFL Occupational Health Centre (Winnipeg, Manitoba)<\/span>[\/vc_column_text][\/vc_column][\/vc_row][vc_row padding_top=\u00a0\u00bb\u00a0\u00bb padding_bottom=\u00a0\u00bb\u00a0\u00bb][vc_column][vc_custom_heading text=\u00a0\u00bbPersonnel\u00a0\u00bb font_container=\u00a0\u00bbtag:h2|text_align:center|color:%23000000&Prime; use_theme_fonts=\u00a0\u00bbyes\u00a0\u00bb][\/vc_column][\/vc_row][vc_row][vc_column width=\u00a0\u00bb1\/5&Prime;][vc_single_image image=\u00a0\u00bb81826&Prime; alignment=\u00a0\u00bbcenter\u00a0\u00bb style=\u00a0\u00bbvc_box_circle_2&Prime;][vc_column_text css=\u00a0\u00bb\u00a0\u00bb]<\/p>\n<p class=\"man\" style=\"text-align: center;\"><span style=\"color: #000000;\"><strong>IWO EFFIONG<br \/>\n<\/strong>Directrice g\u00e9n\u00e9rale<br \/>\n<\/span><\/p>\n<p>[\/vc_column_text][\/vc_column][vc_column width=\u00a0\u00bb1\/5&Prime;][\/vc_column][vc_column width=\u00a0\u00bb1\/5&Prime;][vc_single_image image=\u00a0\u00bb85654&Prime; alignment=\u00a0\u00bbcenter\u00a0\u00bb style=\u00a0\u00bbvc_box_circle_2&Prime; css=\u00a0\u00bb\u00a0\u00bb][vc_column_text]<\/p>\n<p style=\"text-align: center;\"><span style=\"color: #000000;\"><strong>AYESHA KHAN<\/strong><\/span><br \/>\n<span style=\"color: #000000;\">Sp\u00e9cialiste de la traduction des connaissances<\/span>[\/vc_column_text][\/vc_column][vc_column width=\u00a0\u00bb1\/5&Prime;][vc_single_image image=\u00a0\u00bb81474&Prime; alignment=\u00a0\u00bbcenter\u00a0\u00bb style=\u00a0\u00bbvc_box_circle_2&Prime;][vc_column_text]<\/p>\n<p style=\"text-align: center;\"><strong><span style=\"color: #000000;\">HILLARY LeBLANC<\/span><\/strong><br \/>\n<span style=\"color: #000000;\">Responsable des communications et des m\u00e9dias num\u00e9riques<\/span>[\/vc_column_text][\/vc_column][vc_column width=\u00a0\u00bb1\/5&Prime;][\/vc_column][\/vc_row]<\/p>\n<\/div>","protected":false},"excerpt":{"rendered":"<p>[vc_row text_color=\u00a0\u00bb#000000&Prime; padding_top=\u00a0\u00bb20px\u00a0\u00bb padding_bottom=\u00a0\u00bb\u00a0\u00bb][vc_column width=\u00a0\u00bb1\/6&Prime;][\/vc_column][vc_column width=\u00a0\u00bb2\/3&Prime;][vc_column_text] L\u2019Association canadienne des centres de sant\u00e9 communautaire (ACCSC) est la voix pancanadienne pour les centres de sant\u00e9 communautaire (CSC) et les soins de sant\u00e9 primaire ax\u00e9s sur la collectivit\u00e9 et centr\u00e9s sur les personnes. [\/vc_column_text][\/vc_column][vc_column width=\u00a0\u00bb1\/6&Prime;][\/vc_column][\/vc_row][vc_row text_color=\u00a0\u00bb#000000&Prime; padding_top=\u00a0\u00bb20px\u00a0\u00bb padding_bottom=\u00a0\u00bb\u00a0\u00bb][vc_column width=\u00a0\u00bb1\/4&Prime;][\/vc_column][vc_column width=\u00a0\u00bb1\/2&Prime;][vc_column_text] VISION Les personnes et les communaut\u00e9s en sant\u00e9 MISSION Soutenir les centres de [&hellip;]<\/p>\n","protected":false},"author":1,"featured_media":0,"parent":0,"menu_order":0,"comment_status":"closed","ping_status":"closed","template":"","meta":{"_bbp_topic_count":0,"_bbp_reply_count":0,"_bbp_total_topic_count":0,"_bbp_total_reply_count":0,"_bbp_voice_count":0,"_bbp_anonymous_reply_count":0,"_bbp_topic_count_hidden":0,"_bbp_reply_count_hidden":0,"_bbp_forum_subforum_count":0,"footnotes":""},"class_list":["post-419","page","type-page","status-publish","hentry"],"yoast_head":"<!-- This site is optimized with the Yoast SEO plugin v27.2 - https:\/\/yoast.com\/product\/yoast-seo-wordpress\/ -->\n<title>\u00c0 propos de nous - ACCSC<\/title>\n<meta name=\"robots\" content=\"index, follow, max-snippet:-1, max-image-preview:large, max-video-preview:-1\" \/>\n<link rel=\"canonical\" href=\"https:\/\/www.cachc.ca\/about\/\" \/>\n<meta property=\"og:locale\" content=\"fr_FR\" \/>\n<meta property=\"og:type\" content=\"article\" \/>\n<meta property=\"og:title\" content=\"\u00c0 propos de nous - ACCSC\" \/>\n<meta property=\"og:description\" content=\"[vc_row text_color=\u00a0\u00bb#000000&Prime; padding_top=\u00a0\u00bb20px\u00a0\u00bb padding_bottom=\u00a0\u00bb\u00a0\u00bb][vc_column width=\u00a0\u00bb1\/6&Prime;][\/vc_column][vc_column width=\u00a0\u00bb2\/3&Prime;][vc_column_text] L\u2019Association canadienne des centres de sant\u00e9 communautaire (ACCSC) est la voix pancanadienne pour les centres de sant\u00e9 communautaire (CSC) et les soins de sant\u00e9 primaire ax\u00e9s sur la collectivit\u00e9 et centr\u00e9s sur les personnes. [\/vc_column_text][\/vc_column][vc_column width=\u00a0\u00bb1\/6&Prime;][\/vc_column][\/vc_row][vc_row text_color=\u00a0\u00bb#000000&Prime; padding_top=\u00a0\u00bb20px\u00a0\u00bb padding_bottom=\u00a0\u00bb\u00a0\u00bb][vc_column width=\u00a0\u00bb1\/4&Prime;][\/vc_column][vc_column width=\u00a0\u00bb1\/2&Prime;][vc_column_text] VISION Les personnes et les communaut\u00e9s en sant\u00e9 MISSION Soutenir les centres de [&hellip;]\" \/>\n<meta property=\"og:url\" content=\"https:\/\/www.cachc.ca\/about\/\" \/>\n<meta property=\"og:site_name\" content=\"ACCSC\" \/>\n<meta property=\"article:modified_time\" content=\"2024-09-30T19:06:26+00:00\" \/>\n<meta name=\"twitter:card\" content=\"summary_large_image\" \/>\n<meta name=\"twitter:label1\" content=\"Dur\u00e9e de lecture estim\u00e9e\" \/>\n\t<meta name=\"twitter:data1\" content=\"3 minutes\" \/>\n<script type=\"application\/ld+json\" class=\"yoast-schema-graph\">{\"@context\":\"https:\/\/schema.org\",\"@graph\":[{\"@type\":\"WebPage\",\"@id\":\"https:\/\/www.cachc.ca\/about\/\",\"url\":\"https:\/\/www.cachc.ca\/about\/\",\"name\":\"\u00c0 propos de nous - ACCSC\",\"isPartOf\":{\"@id\":\"https:\/\/www.cachc.ca\/#website\"},\"datePublished\":\"2012-02-19T01:20:46+00:00\",\"dateModified\":\"2024-09-30T19:06:26+00:00\",\"inLanguage\":\"fr-FR\",\"potentialAction\":[{\"@type\":\"ReadAction\",\"target\":[\"https:\/\/www.cachc.ca\/about\/\"]}]},{\"@type\":\"WebSite\",\"@id\":\"https:\/\/www.cachc.ca\/#website\",\"url\":\"https:\/\/www.cachc.ca\/\",\"name\":\"ACCSC\",\"description\":\"Les centres de sant\u00e9 communautaire au Canada\",\"potentialAction\":[{\"@type\":\"SearchAction\",\"target\":{\"@type\":\"EntryPoint\",\"urlTemplate\":\"https:\/\/www.cachc.ca\/?s={search_term_string}\"},\"query-input\":{\"@type\":\"PropertyValueSpecification\",\"valueRequired\":true,\"valueName\":\"search_term_string\"}}],\"inLanguage\":\"fr-FR\"}]}<\/script>\n<!-- \/ Yoast SEO plugin. -->","yoast_head_json":{"title":"\u00c0 propos de nous - ACCSC","robots":{"index":"index","follow":"follow","max-snippet":"max-snippet:-1","max-image-preview":"max-image-preview:large","max-video-preview":"max-video-preview:-1"},"canonical":"https:\/\/www.cachc.ca\/about\/","og_locale":"fr_FR","og_type":"article","og_title":"\u00c0 propos de nous - ACCSC","og_description":"[vc_row text_color=\u00a0\u00bb#000000&Prime; padding_top=\u00a0\u00bb20px\u00a0\u00bb padding_bottom=\u00a0\u00bb\u00a0\u00bb][vc_column width=\u00a0\u00bb1\/6&Prime;][\/vc_column][vc_column width=\u00a0\u00bb2\/3&Prime;][vc_column_text] L\u2019Association canadienne des centres de sant\u00e9 communautaire (ACCSC) est la voix pancanadienne pour les centres de sant\u00e9 communautaire (CSC) et les soins de sant\u00e9 primaire ax\u00e9s sur la collectivit\u00e9 et centr\u00e9s sur les personnes. [\/vc_column_text][\/vc_column][vc_column width=\u00a0\u00bb1\/6&Prime;][\/vc_column][\/vc_row][vc_row text_color=\u00a0\u00bb#000000&Prime; padding_top=\u00a0\u00bb20px\u00a0\u00bb padding_bottom=\u00a0\u00bb\u00a0\u00bb][vc_column width=\u00a0\u00bb1\/4&Prime;][\/vc_column][vc_column width=\u00a0\u00bb1\/2&Prime;][vc_column_text] VISION Les personnes et les communaut\u00e9s en sant\u00e9 MISSION Soutenir les centres de [&hellip;]","og_url":"https:\/\/www.cachc.ca\/about\/","og_site_name":"ACCSC","article_modified_time":"2024-09-30T19:06:26+00:00","twitter_card":"summary_large_image","twitter_misc":{"Dur\u00e9e de lecture estim\u00e9e":"3 minutes"},"schema":{"@context":"https:\/\/schema.org","@graph":[{"@type":"WebPage","@id":"https:\/\/www.cachc.ca\/about\/","url":"https:\/\/www.cachc.ca\/about\/","name":"\u00c0 propos de nous - ACCSC","isPartOf":{"@id":"https:\/\/www.cachc.ca\/#website"},"datePublished":"2012-02-19T01:20:46+00:00","dateModified":"2024-09-30T19:06:26+00:00","inLanguage":"fr-FR","potentialAction":[{"@type":"ReadAction","target":["https:\/\/www.cachc.ca\/about\/"]}]},{"@type":"WebSite","@id":"https:\/\/www.cachc.ca\/#website","url":"https:\/\/www.cachc.ca\/","name":"ACCSC","description":"Les centres de sant\u00e9 communautaire au Canada","potentialAction":[{"@type":"SearchAction","target":{"@type":"EntryPoint","urlTemplate":"https:\/\/www.cachc.ca\/?s={search_term_string}"},"query-input":{"@type":"PropertyValueSpecification","valueRequired":true,"valueName":"search_term_string"}}],"inLanguage":"fr-FR"}]}},"_links":{"self":[{"href":"https:\/\/www.cachc.ca\/fr\/wp-json\/wp\/v2\/pages\/419","targetHints":{"allow":["GET"]}}],"collection":[{"href":"https:\/\/www.cachc.ca\/fr\/wp-json\/wp\/v2\/pages"}],"about":[{"href":"https:\/\/www.cachc.ca\/fr\/wp-json\/wp\/v2\/types\/page"}],"author":[{"embeddable":true,"href":"https:\/\/www.cachc.ca\/fr\/wp-json\/wp\/v2\/users\/1"}],"replies":[{"embeddable":true,"href":"https:\/\/www.cachc.ca\/fr\/wp-json\/wp\/v2\/comments?post=419"}],"version-history":[{"count":6,"href":"https:\/\/www.cachc.ca\/fr\/wp-json\/wp\/v2\/pages\/419\/revisions"}],"predecessor-version":[{"id":86125,"href":"https:\/\/www.cachc.ca\/fr\/wp-json\/wp\/v2\/pages\/419\/revisions\/86125"}],"wp:attachment":[{"href":"https:\/\/www.cachc.ca\/fr\/wp-json\/wp\/v2\/media?parent=419"}],"curies":[{"name":"wp","href":"https:\/\/api.w.org\/{rel}","templated":true}]}}